{"id":1061,"date":"2023-03-13T19:15:40","date_gmt":"2023-03-13T18:15:40","guid":{"rendered":"https:\/\/www.tapadera.es\/?page_id=1061"},"modified":"2023-05-14T18:55:46","modified_gmt":"2023-05-14T17:55:46","slug":"resplandores","status":"publish","type":"page","link":"https:\/\/www.tapadera.es\/index.php\/resplandores\/","title":{"rendered":"Resplandores"},"content":{"rendered":"\n<p class=\"wp-block-paragraph\">El resplandor es la palabra que mejor define en espa\u00f1ol el golpe de luz intenso que nos ofrecen a veces los recuerdos. Flashazos o flasazos seg\u00fan unos horrendos t\u00e9rminos del ingl\u00e9s castellanizado a golpe de ataque de vaguer\u00eda, desidia o ignorancia. Qued\u00e9monos con el resplandor, pues. Resplandores son las im\u00e1genes almacenadas en la memoria que, a veces, son despertados de su descanso por las fotograf\u00edas tomadas en esos momentos.<\/p>\n\n\n\n<p class=\"wp-block-paragraph\">En esta p\u00e1gina est\u00e1 el acceso a las galer\u00edas de fotos que han dormido durante a\u00f1os en distintos discos duros y que de nuevo publicamos tras las diversas debacles humano-t\u00e9cnico-inform\u00e1ticas que se han ido sucediendo. Esperamos que las disfrut\u00e9is. Ni que decir tiene que estamos a la espera de que algunos otros zombis del pasado que conserv\u00e9is en vuestro poder emerjan y las lanc\u00e9is a nuestras manos para aumentar la colecci\u00f3n de publicaciones. Estas que aqu\u00ed viven fueron tomadas en su momento por Vidal G. casi en su totalidad.  Citad la autor\u00eda si las us\u00e1is, por favor.<\/p>\n\n\n\n<ul class=\"wp-block-list\">\n<li><a href=\"https:\/\/www.tapadera.es\/index.php\/en-la-c-cabeza-de-vaca\/\">En la c\/Cabeza de Vaca<\/a><\/li>\n\n\n\n<li><a href=\"https:\/\/www.tapadera.es\/index.php\/epocas-medievales\/\">\u00c9pocas medievales<\/a><\/li>\n\n\n\n<li><a href=\"https:\/\/www.tapadera.es\/index.php\/idiota-bar\/\">Idiota bar<\/a><\/li>\n\n\n\n<li><a href=\"https:\/\/www.tapadera.es\/index.php\/cortos\/\">Cortos<\/a><\/li>\n\n\n\n<li><a href=\"https:\/\/www.tapadera.es\/wp-admin\/post.php?post=1103\">Cu\u00f1as para la radio (nunca emitidas)<\/a><\/li>\n\n\n\n<li><a href=\"https:\/\/www.tapadera.es\/index.php\/1990-aniversario-de-la-muerte-de-gardel-en-el-cambalache\/\">1990 (aniversario de la muerte de Gardel) en el Cambalache<\/a><\/li>\n\n\n\n<li><a href=\"https:\/\/www.tapadera.es\/index.php\/2003-18o-aniversario-del-cambalache\/\">2003, 18\u00ba aniversario del Cambalache<\/a><\/li>\n\n\n\n<li><a href=\"https:\/\/www.tapadera.es\/index.php\/2008-20o-aniversario-del-cambalache\/\">2008, 20\u00ba aniversario del Cambalache<\/a><\/li>\n\n\n\n<li><a href=\"https:\/\/www.tapadera.es\/index.php\/2008-21aniversario-del-cambalache\/\">2009, 21\u00ba aniversario del Cambalache<\/a><\/li>\n\n\n\n<li><a href=\"https:\/\/www.tapadera.es\/index.php\/2010-22o-aniversario-del-cambalache\/\">2010, 22\u00ba aniversario del Cambalache<\/a><\/li>\n\n\n\n<li><a href=\"https:\/\/www.tapadera.es\/index.php\/2012-24o-aniversario-del-cambalache\/\">2012, 24\u00ba aniversario del Cambalache<\/a><\/li>\n\n\n\n<li><a href=\"https:\/\/www.tapadera.es\/index.php\/2013-25o-aniversario-del-cambalache\/\">2013, 25\u00ba aniversario del Cambalache<\/a><\/li>\n\n\n\n<li><a href=\"https:\/\/www.tapadera.es\/index.php\/nuestro-alojamiento-web-en-los-90\/\">Nuestro alojamiento web en los 90<\/a><\/li>\n<\/ul>\n","protected":false},"excerpt":{"rendered":"<p>El resplandor es la palabra que mejor define en espa\u00f1ol el golpe de luz intenso que nos ofrecen a veces los recuerdos. Flashazos o flasazos seg\u00fan&#46;&#46;&#46;<\/p>\n","protected":false},"author":1,"featured_media":0,"parent":0,"menu_order":0,"comment_status":"closed","ping_status":"closed","template":"","meta":{"_crdt_document":"","footnotes":""},"class_list":["post-1061","page","type-page","status-publish","hentry"],"_links":{"self":[{"href":"https:\/\/www.tapadera.es\/index.php\/wp-json\/wp\/v2\/pages\/1061","targetHints":{"allow":["GET"]}}],"collection":[{"href":"https:\/\/www.tapadera.es\/index.php\/wp-json\/wp\/v2\/pages"}],"about":[{"href":"https:\/\/www.tapadera.es\/index.php\/wp-json\/wp\/v2\/types\/page"}],"author":[{"embeddable":true,"href":"https:\/\/www.tapadera.es\/index.php\/wp-json\/wp\/v2\/users\/1"}],"replies":[{"embeddable":true,"href":"https:\/\/www.tapadera.es\/index.php\/wp-json\/wp\/v2\/comments?post=1061"}],"version-history":[{"count":3,"href":"https:\/\/www.tapadera.es\/index.php\/wp-json\/wp\/v2\/pages\/1061\/revisions"}],"predecessor-version":[{"id":1104,"href":"https:\/\/www.tapadera.es\/index.php\/wp-json\/wp\/v2\/pages\/1061\/revisions\/1104"}],"wp:attachment":[{"href":"https:\/\/www.tapadera.es\/index.php\/wp-json\/wp\/v2\/media?parent=1061"}],"curies":[{"name":"wp","href":"https:\/\/api.w.org\/{rel}","templated":true}]}}